{"id":3460,"date":"2023-02-27T00:29:45","date_gmt":"2023-02-26T23:29:45","guid":{"rendered":"https:\/\/jj-remont.pl\/?page_id=3460"},"modified":"2023-02-28T08:25:43","modified_gmt":"2023-02-28T07:25:43","slug":"adaptacja-poddaszy","status":"publish","type":"page","link":"https:\/\/jj-remont.pl\/index.php\/adaptacja-poddaszy\/","title":{"rendered":"Adaptacja poddaszy"},"content":{"rendered":"\t\t<div data-elementor-type=\"wp-page\" data-elementor-id=\"3460\" class=\"elementor elementor-3460\" data-elementor-post-type=\"page\">\n\t\t\t\t\t\t\t\t\t<section data-particle_enable=\"false\" data-particle-mobile-disabled=\"false\" class=\"elementor-section elementor-top-section elementor-element elementor-element-7ecb2953 elementor-section-boxed elementor-section-height-default elementor-section-height-default\" data-id=\"7ecb2953\" data-element_type=\"section\">\n\t\t\t\t\t\t<div class=\"elementor-container elementor-column-gap-default\">\n\t\t\t\t\t<div class=\"elementor-column elementor-col-100 elementor-top-column elementor-element elementor-element-2d80f507\" data-id=\"2d80f507\" data-element_type=\"column\">\n\t\t\t<div class=\"elementor-widget-wrap elementor-element-populated\">\n\t\t\t\t\t\t\t\t<div class=\"elementor-element elementor-element-1b7c6b98 elementor-widget elementor-widget-heading\" data-id=\"1b7c6b98\" data-element_type=\"widget\" data-widget_type=\"heading.default\">\n\t\t\t\t<div class=\"elementor-widget-container\">\n\t\t\t<h2 class=\"elementor-heading-title elementor-size-default\">Adaptacja poddaszy<\/h2>\t\t<\/div>\n\t\t\t\t<\/div>\n\t\t\t\t<div class=\"elementor-element elementor-element-3d898049 elementor-widget-divider--view-line_icon elementor-view-default elementor-widget-divider--element-align-center elementor-widget elementor-widget-divider\" data-id=\"3d898049\" data-element_type=\"widget\" data-widget_type=\"divider.default\">\n\t\t\t\t<div class=\"elementor-widget-container\">\n\t\t\t\t\t<div class=\"elementor-divider\">\n\t\t\t<span class=\"elementor-divider-separator\">\n\t\t\t\t\t\t\t<div class=\"elementor-icon elementor-divider__element\">\n\t\t\t\t\t<i aria-hidden=\"true\" class=\"fas fa-square-full\"><\/i><\/div>\n\t\t\t\t\t\t<\/span>\n\t\t<\/div>\n\t\t\t\t<\/div>\n\t\t\t\t<\/div>\n\t\t\t\t\t<\/div>\n\t\t<\/div>\n\t\t\t\t\t\t\t<\/div>\n\t\t<\/section>\n\t\t\t\t<section data-particle_enable=\"false\" data-particle-mobile-disabled=\"false\" class=\"elementor-section elementor-top-section elementor-element elementor-element-17f01490 elementor-section-boxed elementor-section-height-default elementor-section-height-default\" data-id=\"17f01490\" data-element_type=\"section\">\n\t\t\t\t\t\t<div class=\"elementor-container elementor-column-gap-default\">\n\t\t\t\t\t<div class=\"elementor-column elementor-col-100 elementor-top-column elementor-element elementor-element-1708c2f1\" data-id=\"1708c2f1\" data-element_type=\"column\">\n\t\t\t<div class=\"elementor-widget-wrap elementor-element-populated\">\n\t\t\t\t\t\t\t\t<div class=\"elementor-element elementor-element-12589092 elementor-widget elementor-widget-text-editor\" data-id=\"12589092\" data-element_type=\"widget\" data-widget_type=\"text-editor.default\">\n\t\t\t\t<div class=\"elementor-widget-container\">\n\t\t\t\t\t\t\t<p><img decoding=\"async\" loading=\"lazy\" class=\"size-medium wp-image-3501 alignleft\" src=\"https:\/\/jj-remont.pl\/wp-content\/uploads\/2023\/02\/jj-remont_sypialnia-2_pbl-1-300x225.jpg\" alt=\"\" width=\"300\" height=\"225\" srcset=\"https:\/\/jj-remont.pl\/wp-content\/uploads\/2023\/02\/jj-remont_sypialnia-2_pbl-1-300x225.jpg 300w, https:\/\/jj-remont.pl\/wp-content\/uploads\/2023\/02\/jj-remont_sypialnia-2_pbl-1-768x576.jpg 768w, https:\/\/jj-remont.pl\/wp-content\/uploads\/2023\/02\/jj-remont_sypialnia-2_pbl-1.jpg 1024w\" sizes=\"(max-width: 300px) 100vw, 300px\" \/><\/p><p>Pami\u0119taj!<\/p><p>Je\u015bli poddasze by\u0142o okre\u015blone w projekcie domu jako u\u017cytkowe, ale chcemy zmieni\u0107 jego<br \/>funkcjonalno\u015b\u0107, nie musimy wnioskowa\u0107 o zmian\u0119 sposobu u\u017cytkowania. Natomiast planowane<br \/>roboty budowlane nadal wymagaj\u0105 pozwolenia lub zg\u0142oszenia<br \/>Do rob\u00f3t niewymagaj\u0105cych \u017cadnych formalno\u015bci nale\u017c\u0105 na przyk\u0142ad:<br \/>&#8211; doprowadzenie na poddasze lub wymiana istniej\u0105cych tam instalacji wodno-kanalizacyjnych,<br \/>grzewczych i elektrycznych oraz monta\u017c urz\u0105dze\u0144 sanitarnych, grzejnik\u00f3w itp.;<br \/>&#8211; wykonanie \u015bcianek dzia\u0142owych;<br \/>&#8211; wymiana okien i drzwi bez zmiany wielko\u015bci otwor\u00f3w;<br \/>&#8211; wymiana schod\u00f3w wewn\u0119trznych;<br \/>&#8211; wyka\u0144czanie \u015bcian poddasza i uk\u0142adanie na nim posadzek;<br \/>&#8211; ocieplenie dachu i \u015bcian (je\u015bli budynek nie jest wy\u017cszy ni\u017c 12 m);<br \/>&#8211; wymiana pokrycia dachu, ale uwaga! \u2013 tylko w budynku wolnostoj\u0105cym i odpowiednio\u00a0oddalonym od granic dzia\u0142ki (czyli takim, kt\u00f3rego obszar oddzia\u0142ywania nie wykracza poza dzia\u0142k\u0119).<br \/>Zmiany sposobu u\u017cytkowania poddasza mo\u017cna dokona\u0107\u00a0w ci\u0105gu 2 lat\u00a0od jej zg\u0142oszenia w urz\u0119dzie\u00a0(art. 71 ust. 4).<\/p><p>W sprawie adaptacji poddasza nowe prawo budowlane (tekst ustawy po nowelizacji \u2014\u00a0 Dz. U. 2020\u00a0poz. 1333 ) przewiduje dwie mo\u017cliwo\u015bci: zg\u0142oszenie prac budowlanych w urz\u0119dzie lub uzyskanie\u00a0pozwolenia na budow\u0119.<\/p>\t\t\t\t\t\t<\/div>\n\t\t\t\t<\/div>\n\t\t\t\t\t<\/div>\n\t\t<\/div>\n\t\t\t\t\t\t\t<\/div>\n\t\t<\/section>\n\t\t\t\t\t\t\t<\/div>\n\t\t","protected":false},"excerpt":{"rendered":"<p>Adaptacja poddaszy Pami\u0119taj! Je\u015bli poddasze by\u0142o okre\u015blone w projekcie domu jako u\u017cytkowe, ale chcemy zmieni\u0107 jegofunkcjonalno\u015b\u0107, nie musimy wnioskowa\u0107 o zmian\u0119 sposobu u\u017cytkowania. Natomiast planowaneroboty budowlane nadal wymagaj\u0105 pozwolenia lub zg\u0142oszeniaDo rob\u00f3t niewymagaj\u0105cych \u017cadnych formalno\u015bci nale\u017c\u0105 na przyk\u0142ad:&#8211; doprowadzenie na poddasze lub wymiana istniej\u0105cych tam instalacji wodno-kanalizacyjnych,grzewczych i elektrycznych oraz monta\u017c urz\u0105dze\u0144 sanitarnych, grzejnik\u00f3w itp.;&#8211; [&hellip;]<\/p>\n","protected":false},"author":1,"featured_media":0,"parent":0,"menu_order":0,"comment_status":"closed","ping_status":"closed","template":"","meta":{"footnotes":""},"yoast_head":"<!-- This site is optimized with the Yoast SEO Premium plugin v19.7 (Yoast SEO v20.2) - https:\/\/yoast.com\/wordpress\/plugins\/seo\/ -->\n<title>Adaptacja poddaszy - JJ-remont<\/title>\n<meta name=\"robots\" content=\"index, follow, max-snippet:-1, max-image-preview:large, max-video-preview:-1\" \/>\n<link rel=\"canonical\" href=\"https:\/\/jj-remont.pl\/index.php\/adaptacja-poddaszy\/\" \/>\n<meta property=\"og:locale\" content=\"pl_PL\" \/>\n<meta property=\"og:type\" content=\"article\" \/>\n<meta property=\"og:title\" content=\"Adaptacja poddaszy\" \/>\n<meta property=\"og:description\" content=\"Adaptacja poddaszy Pami\u0119taj! Je\u015bli poddasze by\u0142o okre\u015blone w projekcie domu jako u\u017cytkowe, ale chcemy zmieni\u0107 jegofunkcjonalno\u015b\u0107, nie musimy wnioskowa\u0107 o zmian\u0119 sposobu u\u017cytkowania. Natomiast planowaneroboty budowlane nadal wymagaj\u0105 pozwolenia lub zg\u0142oszeniaDo rob\u00f3t niewymagaj\u0105cych \u017cadnych formalno\u015bci nale\u017c\u0105 na przyk\u0142ad:&#8211; doprowadzenie na poddasze lub wymiana istniej\u0105cych tam instalacji wodno-kanalizacyjnych,grzewczych i elektrycznych oraz monta\u017c urz\u0105dze\u0144 sanitarnych, grzejnik\u00f3w itp.;&#8211; [&hellip;]\" \/>\n<meta property=\"og:url\" content=\"https:\/\/jj-remont.pl\/index.php\/adaptacja-poddaszy\/\" \/>\n<meta property=\"og:site_name\" content=\"JJ-remont\" \/>\n<meta property=\"article:publisher\" content=\"https:\/\/www.facebook.com\/profile.php?id=100085496440510\" \/>\n<meta property=\"article:modified_time\" content=\"2023-02-28T07:25:43+00:00\" \/>\n<meta property=\"og:image\" content=\"https:\/\/jj-remont.pl\/wp-content\/uploads\/2023\/02\/jj-remont_sypialnia-2_pbl-1-300x225.jpg\" \/>\n<meta name=\"twitter:card\" content=\"summary_large_image\" \/>\n<meta name=\"twitter:label1\" content=\"Szacowany czas czytania\" \/>\n\t<meta name=\"twitter:data1\" content=\"1 minuta\" \/>\n<script type=\"application\/ld+json\" class=\"yoast-schema-graph\">{\"@context\":\"https:\/\/schema.org\",\"@graph\":[{\"@type\":\"WebPage\",\"@id\":\"https:\/\/jj-remont.pl\/index.php\/adaptacja-poddaszy\/\",\"url\":\"https:\/\/jj-remont.pl\/index.php\/adaptacja-poddaszy\/\",\"name\":\"Adaptacja poddaszy - JJ-remont\",\"isPartOf\":{\"@id\":\"https:\/\/jj-remont.pl\/#website\"},\"datePublished\":\"2023-02-26T23:29:45+00:00\",\"dateModified\":\"2023-02-28T07:25:43+00:00\",\"breadcrumb\":{\"@id\":\"https:\/\/jj-remont.pl\/index.php\/adaptacja-poddaszy\/#breadcrumb\"},\"inLanguage\":\"pl-PL\",\"potentialAction\":[{\"@type\":\"ReadAction\",\"target\":[\"https:\/\/jj-remont.pl\/index.php\/adaptacja-poddaszy\/\"]}]},{\"@type\":\"BreadcrumbList\",\"@id\":\"https:\/\/jj-remont.pl\/index.php\/adaptacja-poddaszy\/#breadcrumb\",\"itemListElement\":[{\"@type\":\"ListItem\",\"position\":1,\"name\":\"Strona g??wna\",\"item\":\"https:\/\/jj-remont.pl\/\"},{\"@type\":\"ListItem\",\"position\":2,\"name\":\"Adaptacja poddaszy\"}]},{\"@type\":\"WebSite\",\"@id\":\"https:\/\/jj-remont.pl\/#website\",\"url\":\"https:\/\/jj-remont.pl\/\",\"name\":\"JJ-remont\",\"description\":\"- remonty i wyko\u0144czenia wn\u0119trz\",\"publisher\":{\"@id\":\"https:\/\/jj-remont.pl\/#organization\"},\"potentialAction\":[{\"@type\":\"SearchAction\",\"target\":{\"@type\":\"EntryPoint\",\"urlTemplate\":\"https:\/\/jj-remont.pl\/?s={search_term_string}\"},\"query-input\":\"required name=search_term_string\"}],\"inLanguage\":\"pl-PL\"},{\"@type\":\"Organization\",\"@id\":\"https:\/\/jj-remont.pl\/#organization\",\"name\":\"jj-remont.pl\",\"url\":\"https:\/\/jj-remont.pl\/\",\"logo\":{\"@type\":\"ImageObject\",\"inLanguage\":\"pl-PL\",\"@id\":\"https:\/\/jj-remont.pl\/#\/schema\/logo\/image\/\",\"url\":\"https:\/\/jj-remont.pl\/wp-content\/uploads\/2022\/08\/jj-remont-logo-v-transbckg.png\",\"contentUrl\":\"https:\/\/jj-remont.pl\/wp-content\/uploads\/2022\/08\/jj-remont-logo-v-transbckg.png\",\"width\":220,\"height\":220,\"caption\":\"jj-remont.pl\"},\"image\":{\"@id\":\"https:\/\/jj-remont.pl\/#\/schema\/logo\/image\/\"},\"sameAs\":[\"https:\/\/www.facebook.com\/profile.php?id=100085496440510\"]}]}<\/script>\n<!-- \/ Yoast SEO Premium plugin. -->","yoast_head_json":{"title":"Adaptacja poddaszy - JJ-remont","robots":{"index":"index","follow":"follow","max-snippet":"max-snippet:-1","max-image-preview":"max-image-preview:large","max-video-preview":"max-video-preview:-1"},"canonical":"https:\/\/jj-remont.pl\/index.php\/adaptacja-poddaszy\/","og_locale":"pl_PL","og_type":"article","og_title":"Adaptacja poddaszy","og_description":"Adaptacja poddaszy Pami\u0119taj! Je\u015bli poddasze by\u0142o okre\u015blone w projekcie domu jako u\u017cytkowe, ale chcemy zmieni\u0107 jegofunkcjonalno\u015b\u0107, nie musimy wnioskowa\u0107 o zmian\u0119 sposobu u\u017cytkowania. Natomiast planowaneroboty budowlane nadal wymagaj\u0105 pozwolenia lub zg\u0142oszeniaDo rob\u00f3t niewymagaj\u0105cych \u017cadnych formalno\u015bci nale\u017c\u0105 na przyk\u0142ad:&#8211; doprowadzenie na poddasze lub wymiana istniej\u0105cych tam instalacji wodno-kanalizacyjnych,grzewczych i elektrycznych oraz monta\u017c urz\u0105dze\u0144 sanitarnych, grzejnik\u00f3w itp.;&#8211; [&hellip;]","og_url":"https:\/\/jj-remont.pl\/index.php\/adaptacja-poddaszy\/","og_site_name":"JJ-remont","article_publisher":"https:\/\/www.facebook.com\/profile.php?id=100085496440510","article_modified_time":"2023-02-28T07:25:43+00:00","og_image":[{"url":"https:\/\/jj-remont.pl\/wp-content\/uploads\/2023\/02\/jj-remont_sypialnia-2_pbl-1-300x225.jpg"}],"twitter_card":"summary_large_image","twitter_misc":{"Szacowany czas czytania":"1 minuta"},"schema":{"@context":"https:\/\/schema.org","@graph":[{"@type":"WebPage","@id":"https:\/\/jj-remont.pl\/index.php\/adaptacja-poddaszy\/","url":"https:\/\/jj-remont.pl\/index.php\/adaptacja-poddaszy\/","name":"Adaptacja poddaszy - JJ-remont","isPartOf":{"@id":"https:\/\/jj-remont.pl\/#website"},"datePublished":"2023-02-26T23:29:45+00:00","dateModified":"2023-02-28T07:25:43+00:00","breadcrumb":{"@id":"https:\/\/jj-remont.pl\/index.php\/adaptacja-poddaszy\/#breadcrumb"},"inLanguage":"pl-PL","potentialAction":[{"@type":"ReadAction","target":["https:\/\/jj-remont.pl\/index.php\/adaptacja-poddaszy\/"]}]},{"@type":"BreadcrumbList","@id":"https:\/\/jj-remont.pl\/index.php\/adaptacja-poddaszy\/#breadcrumb","itemListElement":[{"@type":"ListItem","position":1,"name":"Strona g??wna","item":"https:\/\/jj-remont.pl\/"},{"@type":"ListItem","position":2,"name":"Adaptacja poddaszy"}]},{"@type":"WebSite","@id":"https:\/\/jj-remont.pl\/#website","url":"https:\/\/jj-remont.pl\/","name":"JJ-remont","description":"- remonty i wyko\u0144czenia wn\u0119trz","publisher":{"@id":"https:\/\/jj-remont.pl\/#organization"},"potentialAction":[{"@type":"SearchAction","target":{"@type":"EntryPoint","urlTemplate":"https:\/\/jj-remont.pl\/?s={search_term_string}"},"query-input":"required name=search_term_string"}],"inLanguage":"pl-PL"},{"@type":"Organization","@id":"https:\/\/jj-remont.pl\/#organization","name":"jj-remont.pl","url":"https:\/\/jj-remont.pl\/","logo":{"@type":"ImageObject","inLanguage":"pl-PL","@id":"https:\/\/jj-remont.pl\/#\/schema\/logo\/image\/","url":"https:\/\/jj-remont.pl\/wp-content\/uploads\/2022\/08\/jj-remont-logo-v-transbckg.png","contentUrl":"https:\/\/jj-remont.pl\/wp-content\/uploads\/2022\/08\/jj-remont-logo-v-transbckg.png","width":220,"height":220,"caption":"jj-remont.pl"},"image":{"@id":"https:\/\/jj-remont.pl\/#\/schema\/logo\/image\/"},"sameAs":["https:\/\/www.facebook.com\/profile.php?id=100085496440510"]}]}},"_links":{"self":[{"href":"https:\/\/jj-remont.pl\/index.php\/wp-json\/wp\/v2\/pages\/3460"}],"collection":[{"href":"https:\/\/jj-remont.pl\/index.php\/wp-json\/wp\/v2\/pages"}],"about":[{"href":"https:\/\/jj-remont.pl\/index.php\/wp-json\/wp\/v2\/types\/page"}],"author":[{"embeddable":true,"href":"https:\/\/jj-remont.pl\/index.php\/wp-json\/wp\/v2\/users\/1"}],"replies":[{"embeddable":true,"href":"https:\/\/jj-remont.pl\/index.php\/wp-json\/wp\/v2\/comments?post=3460"}],"version-history":[{"count":14,"href":"https:\/\/jj-remont.pl\/index.php\/wp-json\/wp\/v2\/pages\/3460\/revisions"}],"predecessor-version":[{"id":3524,"href":"https:\/\/jj-remont.pl\/index.php\/wp-json\/wp\/v2\/pages\/3460\/revisions\/3524"}],"wp:attachment":[{"href":"https:\/\/jj-remont.pl\/index.php\/wp-json\/wp\/v2\/media?parent=3460"}],"curies":[{"name":"wp","href":"https:\/\/api.w.org\/{rel}","templated":true}]}}